{"id":3,"date":"2021-10-11T12:28:00","date_gmt":"2021-10-11T10:28:00","guid":{"rendered":"https:\/\/www.akademosprzedszkole.pl\/?page_id=3"},"modified":"2026-02-18T15:27:33","modified_gmt":"2026-02-18T14:27:33","slug":"polityka-prywatnosci","status":"publish","type":"page","link":"https:\/\/www.akademosprzedszkole.pl\/przedszkole\/polityka-prywatnosci\/","title":{"rendered":"Polityka prywatno\u015bci"},"content":{"rendered":"\n<h2 class=\"wp-block-heading\">serwisu internetowego<\/h2>\n\n\n\n<p>https:\/\/www.akademosprzedszkole.pl<\/p>\n\n\n\n<h2 class=\"wp-block-heading\">Rozdzia\u0142 I<\/h2>\n\n\n\n<p>Polityka skierowana jest do u\u017cytkownik\u00f3w strony internetowej <a href=\"https:\/\/www.akademosprzedszkole.pl.\">https:\/\/www.akademosprzedszkole.pl<\/a> zwanej dalej serwisem. W polityce zosta\u0142y opisane zasady gromadzenia oraz wykorzystywania danych u\u017cytkownik\u00f3w serwisu, kt\u00f3re s\u0105 gromadzone bezpo\u015brednio od nich lub za po\u015brednictwem plik\u00f3w cookies oraz podobnych technologii.<\/p>\n\n\n\n<h2 class=\"wp-block-heading\">Rozdzia\u0142 II<\/h2>\n\n\n\n<p><strong>Administrator danych i kontakt do niego<\/strong><\/p>\n\n\n\n<p>Administratorem danych gromadzonych w zwi\u0105zku z korzystaniem z Serwisu jest EDU Dydaktyka Sp. z o.o. \u00a0z siedzib\u0105 w Jelonku ul. Obornicka 8a 62-002 Suchy Las (dalej jako \u201eAdministrator\u201d). Kontakt z Admiratorem mo\u017cliwy jest po\u015brednictwem poczty tradycyjnej wysy\u0142anej na adres powy\u017cej lub mailowo na adres <a href=\"mailto:przedszkole@akademosprzedszkole.pl\">przedszkole@akademosprzedszkole.pl<\/a> \u00a0<\/p>\n\n\n\n<h2 class=\"wp-block-heading\">rozdzia\u0142 III<\/h2>\n\n\n\n<p><strong>Zakres zbieranych danych<\/strong><\/p>\n\n\n\n<p>1.&nbsp;&nbsp; Serwis internetowy https:\/\/www.akademosprzedszkole.pl\/umo\u017cliwia Pani\/u pozyskanie informacji o dzia\u0142alno\u015bci Przedszkola Publicznego Akademos oraz Niepublicznego \u017b\u0142obka Akademos zlokalizowanych w Z\u0142otnikach przy ul. Lazurytowej 3, a w szczeg\u00f3lno\u015bci umo\u017cliwia zapoznanie z ofert\u0105 ww. plac\u00f3wek dydaktycznych, informacjami o sposobach rekrutacji do tych plac\u00f3wek czy te\u017c prowadzonej przez nie codziennej dzia\u0142alno\u015bci.<\/p>\n\n\n\n<p>2.\u00a0\u00a0 Administrator gromadzi dane zwi\u0105zane z Pani\/a aktywno\u015bci\u0105, jak na przyk\u0142ad czas sp\u0119dzony na stronie, wyszukiwane frazy, liczba wy\u015bwietlonych podstron, data i \u017ar\u00f3d\u0142o wizyty.<\/p>\n\n\n\n<p><strong>\u0179r\u00f3d\u0142o zbieranych danych.<\/strong><\/p>\n\n\n\n<p>1.&nbsp;&nbsp; Przegl\u0105daj\u0105c serwis internetowy https:\/\/www.akademosprzedszkole.pl\/ przekazuje Pani\/ Pan swoje dane osobowe w spos\u00f3b bezpo\u015bredni.<\/p>\n\n\n\n<p>2.&nbsp;&nbsp; Je\u017celi Pani\/a dane zosta\u0142y przekazane w zwi\u0105zku z za\u0142atwian\u0105 spraw\u0105 przez osob\u0119, kt\u00f3ra t\u0119 spraw\u0119 skierowa\u0142a do Administratora, to \u017ar\u00f3d\u0142em danych jest ta osoba. W takim wypadku Administrator otrzymuje dane identyfikacyjne, adresowe i zwi\u0105zane ze spraw\u0105, jak opis sprawy.<\/p>\n\n\n\n<p><strong>Cel i podstawa prawna przetwarzania danych osobowych.<\/strong><\/p>\n\n\n\n<p>Pani\/a dane mog\u0105 by\u0107 przetwarzane w celu:<\/p>\n\n\n\n<ul class=\"wp-block-list\">\n<li>analizy ruchu sieciowego, zapewnienia bezpiecze\u0144stwa w ramach serwisu https:\/\/www.akademosprzedszkole.pl\/ oraz dostosowywania tre\u015bci do potrzeb u\u017cytkownik\u00f3w na podstawie prawnie uzasadnionego interesu Administratora (art. 6 ust. 1 lit. f RODO),<\/li>\n\n\n\n<li>realizacji zada\u0144 na\u0142o\u017conych na Administratora przepisami prawa (art. 6 ust. lit. c RODO),<\/li>\n\n\n\n<li>przedstawienia oferty, a w przypadku jej akceptacji realizacji umowy zawartej<br>z Pani\u0105\/Panem na podstawie art. 6 ust. 1 lit b) RODO.<\/li>\n<\/ul>\n\n\n\n<p><strong>Obowi\u0105zek lub dobrowolno\u015b\u0107 podania danych<\/strong><\/p>\n\n\n\n<p>Podanie danych niezb\u0119dnych do analizy statycznej u\u017cytkownik\u00f3w Serwisu jest dobrowolne. Mo\u017ce Pan\/i skorzysta\u0107 z tzw. trybu incognito w celu przegl\u0105dania strony bez udost\u0119pniania Administratorowi informacji o Pani\/a wizycie w Serwisie.<\/p>\n\n\n\n<h2 class=\"wp-block-heading\">rozdzia\u0142 IV<\/h2>\n\n\n\n<p><strong>Uprawnienia wynikaj\u0105ce z RODO w zakresie przetwarzania danych<\/strong><\/p>\n\n\n\n<p>Ma Pani\/Pan prawo:<\/p>\n\n\n\n<p>*&nbsp;&nbsp;&nbsp; \u017c\u0105da\u0107 od Administratora wgl\u0105du do Pani\/a danych, a tak\u017ce otrzymania ich kopii (art. 15 RODO);<\/p>\n\n\n\n<p>*&nbsp;&nbsp;&nbsp; \u017c\u0105da\u0107 od Administratora sprostowania lub poprawienia danych (art. 16 RODO) &#8211;<br>w odniesieniu do \u017c\u0105dania sprostowania danych, gdy zauwa\u017cy Pani\/Pan, \u017ce dane s\u0105 nieprawid\u0142owe lub niekompletne;<\/p>\n\n\n\n<p>*&nbsp;&nbsp;&nbsp; \u017c\u0105da\u0107 od Administratora usuni\u0119cia danych (art. 17 RODO);<\/p>\n\n\n\n<p>*&nbsp;&nbsp;&nbsp; \u017c\u0105da\u0107 od Administratora ograniczenia przetwarzania (18 RODO) &#8211; np. gdy zauwa\u017cy Pani\/Pan, \u017ce dane s\u0105 nieprawid\u0142owe &#8211; mo\u017ce Pani\/Pan \u017c\u0105da\u0107 ograniczenia przetwarzania swoich danych na okres pozwalaj\u0105cy nam sprawdzi\u0107 prawid\u0142owo\u015b\u0107 tych danych);<\/p>\n\n\n\n<p>*&nbsp;&nbsp;&nbsp; wniesienia skargi w zwi\u0105zku z przetwarzaniem przez Administratora Pani\/Pana danych osobowych do Prezesa Urz\u0119du Ochrony Danych Osobowych.<\/p>\n\n\n\n<h2 class=\"wp-block-heading\">rozdzia\u0142 V<\/h2>\n\n\n\n<p><strong>Odbiorcy Pani\/Pana danych osobowych<\/strong><\/p>\n\n\n\n<p>Odbiorcami Pani\/a danych osobowych mog\u0105 by\u0107 wy\u0142\u0105cznie podmioty, kt\u00f3re uprawnione s\u0105 do ich otrzymania na mocy przepis\u00f3w prawa. Ponadto Pani\/a dane mog\u0105 by\u0107 udost\u0119pnione kurierom, operatorom pocztowym, dostawcy hostingu, serwera poczty lub sp\u00f3\u0142k\u0105 z grupy Administratora, kt\u00f3re \u015bwiadcz\u0105 us\u0142ugi wsp\u00f3lne na jego rzecz. Wykaz takich podmiot\u00f3w prowadzi Administrator.<\/p>\n\n\n\n<h2 class=\"wp-block-heading\">Rozdzia\u0142 VI<\/h2>\n\n\n\n<p><strong>Czas przechowywania danych <\/strong><\/p>\n\n\n\n<p>Pani\/a dane osobowe b\u0119d\u0105 przechowywane do czasu wycofania zgody lub do czasu za\u0142atwienia sprawy, a nast\u0119pnie do up\u0142ywu okresu przedawnienia roszcze\u0144 stron zwi\u0105zanych z jej realizacj\u0105.<\/p>\n\n\n\n<p>Dane zwi\u0105zane z analiz\u0105 ruchu sieciowego gromadzone za po\u015brednictwem plik\u00f3w cookies oraz podobnych technologii mog\u0105 by\u0107 przechowywane do momentu wyga\u015bni\u0119cia pliku cookie. Niekt\u00f3re pliki cookie nigdy nie wygasaj\u0105, w zwi\u0105zku z tym czas przechowywania danych b\u0119dzie r\u00f3wnowa\u017cny z czasem niezb\u0119dnym administratorowi do zrealizowania cel\u00f3w zwi\u0105zanych z gromadzeniem danych, jak zapewnienie bezpiecze\u0144stwa i analiza danych historycznych zwi\u0105zanych z ruchem na stronie.<\/p>\n\n\n\n<h2 class=\"wp-block-heading\">rozdzia\u0142 VII<\/h2>\n\n\n\n<p><strong>Przekazywanie danych do pa\u0144stwa trzeciego lub organizacji mi\u0119dzynarodowej<\/strong><\/p>\n\n\n\n<p>Pani\/a dane nie b\u0119d\u0105 przekazywane do Pa\u0144stw trzecich ani organizacji mi\u0119dzynarodowych<\/p>\n\n\n\n<h2 class=\"wp-block-heading\">Rozdzia\u0142 Viii<\/h2>\n\n\n\n<p><strong>Bezpiecze\u0144stwo przetwarzania danych<\/strong><\/p>\n\n\n\n<p>Uwzgl\u0119dniaj\u0105c stan wiedzy technicznej, koszt wdra\u017cania oraz charakter, zakres, kontekst i cele przetwarzania oraz ryzyko naruszenia praw lub wolno\u015bci os\u00f3b fizycznych o r\u00f3\u017cnym prawdopodobie\u0144stwie wyst\u0105pienia i wadze zagro\u017cenia &nbsp;Administrator wdra\u017ca odpowiednie \u015brodki techniczne i organizacyjne, aby zapewni\u0107 stopie\u0144 bezpiecze\u0144stwa odpowiadaj\u0105cy temu ryzyku.<\/p>\n\n\n\n<p>Oceniaj\u0105c, czy stopie\u0144 bezpiecze\u0144stwa jest odpowiedni, uwzgl\u0119dnia si\u0119 w szczeg\u00f3lno\u015bci ryzyko wi\u0105\u017c\u0105ce si\u0119 z przetwarzaniem, w szczeg\u00f3lno\u015bci wynikaj\u0105ce z przypadkowego lub niezgodnego z prawem zniszczenia, utraty, modyfikacji, nieuprawnionego ujawnienia lub nieuprawnionego dost\u0119pu do danych osobowych przesy\u0142anych, przechowywanych lub w inny spos\u00f3b przetwarzanych.<\/p>\n\n\n\n<p>Serwis <a href=\"https:\/\/www.akademosprzedszkole.pl\/\">https:\/\/www.akademosprzedszkole.pl\/<\/a> obs\u0142uguje protok\u00f3\u0142 HTTPS i umo\u017cliwia korzystanie z bezpiecznego po\u0142\u0105czenia przy u\u017cyciu certyfikatu SSL.<\/p>\n\n\n\n<p><strong>Wykorzystywanie plik\u00f3w cookies oraz podobnych technologii<\/strong><\/p>\n\n\n\n<p>Serwis umo\u017cliwia gromadzenie informacji o u\u017cytkowniku za po\u015brednictwem cookies oraz podobnych technologii, kt\u00f3rych korzystanie najcz\u0119\u015bciej wi\u0105\u017ce si\u0119 z zainstalowaniem tego narz\u0119dzia na urz\u0105dzeniu u\u017cytkownika (komputer, smartfon, itd.). Wykorzystuje si\u0119 te informacje do zapami\u0119tywania decyzji u\u017cytkownika (wyb\u00f3r czcionki, kontrastu, akceptacja polityki), utrzymania sesji u\u017cytkownika (np. po zalogowaniu), zapami\u0119tania has\u0142a (za zgod\u0105), gromadzenia informacji o urz\u0105dzeniu u\u017cytkownika oraz jego wizycie s\u0142u\u017c\u0105ce do zapewnienia bezpiecze\u0144stwa, ale tak\u017ce analizy wizyt i dostosowania tre\u015bci.<\/p>\n\n\n\n<p>Informacje pozyskane za po\u015brednictwem cookies oraz podobnych technologii nie s\u0105 \u0142\u0105czone z innymi danymi u\u017cytkownik\u00f3w Serwisu, nie s\u0142u\u017c\u0105 te\u017c do ich identyfikacji przez Administratora.<\/p>\n\n\n\n<p>U\u017cytkownik ma mo\u017cliwo\u015b\u0107 ustawi\u0107 w przegl\u0105darce blokowanie okre\u015blonych rodzaj\u00f3w cookies i innych technologii, poprzez okre\u015blenie na przyk\u0142ad, \u017ce dozwolone b\u0119d\u0105 tylko i wy\u0142\u0105cznie te, kt\u00f3re s\u0105 niezb\u0119dne do poprawnego wy\u015bwietlenia strony. Domy\u015blnie wi\u0119kszo\u015b\u0107 przegl\u0105darek dopuszcza stosowanie wszystkich cookies, jednak u\u017cytkownik ma mo\u017cliwo\u015b\u0107 zmiany tych ustawie\u0144 w dowolnym momencie, mo\u017ce tak\u017ce usun\u0105\u0107 zainstalowane ju\u017c pliki cookies. Ka\u017cda z przegl\u0105darek umo\u017cliwia takie dzia\u0142anie poprzez jedn\u0105 z dost\u0119pnych w ustawieniach lub preferencjach opcji.<\/p>\n\n\n\n<p>U\u017cytkownik ma tak\u017ce mo\u017cliwo\u015b\u0107 korzysta\u0107 ze strony w tzw. trybie incognito, kt\u00f3ry blokuje mo\u017cliwo\u015b\u0107 gromadzenia danych o jego wizycie.<\/p>\n\n\n\n<p>Korzystanie z serwisu bez zmiany ustawie\u0144 przegl\u0105darki, tzn. z domy\u015blnym akceptowaniem plik\u00f3w cookies i podobnych technologii oznacza zgod\u0119 na ich wykorzystanie do okre\u015blonych powy\u017cej cel\u00f3w. Administrator nie wykorzystuje uzyskanych informacji do cel\u00f3w marketingowych.<\/p>\n\n\n\n<p><\/p>\n","protected":false},"excerpt":{"rendered":"<p>serwisu internetowego https:\/\/www.akademosprzedszkole.pl Rozdzia\u0142 I Polityka skierowana jest do u\u017cytkownik\u00f3w strony internetowej https:\/\/www.akademosprzedszkole.pl zwanej dalej serwisem. W polityce zosta\u0142y opisane zasady gromadzenia oraz wykorzystywania danych u\u017cytkownik\u00f3w serwisu, kt\u00f3re s\u0105 gromadzone bezpo\u015brednio od nich lub za po\u015brednictwem plik\u00f3w cookies oraz podobnych technologii. Rozdzia\u0142 II Administrator danych i kontakt do niego Administratorem danych gromadzonych w zwi\u0105zku z &#8230; <a title=\"Polityka prywatno\u015bci\" class=\"read-more\" href=\"https:\/\/www.akademosprzedszkole.pl\/przedszkole\/polityka-prywatnosci\/\" aria-label=\"More on Polityka prywatno\u015bci\">Czytaj dalej<\/a><\/p>\n","protected":false},"author":1,"featured_media":0,"parent":0,"menu_order":0,"comment_status":"closed","ping_status":"open","template":"","meta":{"inline_featured_image":false,"footnotes":""},"class_list":["post-3","page","type-page","status-publish"],"_links":{"self":[{"href":"https:\/\/www.akademosprzedszkole.pl\/przedszkole\/wp-json\/wp\/v2\/pages\/3","targetHints":{"allow":["GET"]}}],"collection":[{"href":"https:\/\/www.akademosprzedszkole.pl\/przedszkole\/wp-json\/wp\/v2\/pages"}],"about":[{"href":"https:\/\/www.akademosprzedszkole.pl\/przedszkole\/wp-json\/wp\/v2\/types\/page"}],"author":[{"embeddable":true,"href":"https:\/\/www.akademosprzedszkole.pl\/przedszkole\/wp-json\/wp\/v2\/users\/1"}],"replies":[{"embeddable":true,"href":"https:\/\/www.akademosprzedszkole.pl\/przedszkole\/wp-json\/wp\/v2\/comments?post=3"}],"version-history":[{"count":3,"href":"https:\/\/www.akademosprzedszkole.pl\/przedszkole\/wp-json\/wp\/v2\/pages\/3\/revisions"}],"predecessor-version":[{"id":3743,"href":"https:\/\/www.akademosprzedszkole.pl\/przedszkole\/wp-json\/wp\/v2\/pages\/3\/revisions\/3743"}],"wp:attachment":[{"href":"https:\/\/www.akademosprzedszkole.pl\/przedszkole\/wp-json\/wp\/v2\/media?parent=3"}],"curies":[{"name":"wp","href":"https:\/\/api.w.org\/{rel}","templated":true}]}}